{"id":51058,"date":"2018-01-23T17:27:24","date_gmt":"2018-01-23T22:27:24","guid":{"rendered":"https:\/\/www.ludwig-van.com\/montreal\/?post_type=tribe_events&#038;p=51058"},"modified":"2018-01-23T17:27:24","modified_gmt":"2018-01-23T22:27:24","slug":"arion-orchestre-baroque-teatro-alla-moda","status":"publish","type":"tribe_events","link":"https:\/\/www.ludwig-van.com\/montreal\/event\/arion-orchestre-baroque-teatro-alla-moda\/2018-02-08\/","title":{"rendered":"Arion Orchestre Baroque | Teatro alla moda"},"content":{"rendered":"<p>En 1720, le compositeur Benedetto Marcello publia un pamphlet intitul\u00e9 <em>Il Teatro alla moda<\/em>, dans lequel il pourfendait de mani\u00e8re ironique ce qu\u2019il consid\u00e9rait comme les travers de l\u2019op\u00e9ra de son temps. En 2015, la chaleureuse violoniste fran\u00e7aise Amandine Beyer en a fait le titre d\u2019un enregistrement tout Vivaldi et elle r\u00e9cidive pour ce concert de musique concertante italienne r\u00e9unissant autour de ce dernier pas moins de sept de ses contemporains. Selon elle, \u00ab\u00a0chacune des \u2018qualit\u00e9s\u2019 ainsi raill\u00e9es\u00a0\u00bb sont justement ce qui fait tout le panache de cette musique.<\/p>\n<p><strong>Chef invit\u00e9\u00a0: Amandine Beyer, violon baroque<br \/>\n<\/strong>Depuis quelques ann\u00e9es Amandine Beyer s&rsquo;est impos\u00e9e comme une r\u00e9f\u00e9rence dans l&rsquo;interpr\u00e9tation du r\u00e9pertoire baroque pour violon. Son enregistrement des Sonatas et Partitas de J. S. Bach, a renouvell\u00e9 la vision de ce corpus et a \u00e9t\u00e9 acclame\u0301 par la critique: (Diapason d\u2019or de l\u2019anne\u0301e, Choc de Classica de l\u2019anne\u0301e, Editor\u2019s choice de Gramophone, Prix Acad\u00e9mie Charles Cros, Excepcional de Scherzo&#8230;.). Son travail sur ces \u0153uvres se poursuit actuellement avec le spectacle \u201cPartita 2\u201d, \u00e9crit et dans\u00e9 par Anne Teresa de Keersmaeker et Boris Charmatz.<\/p>\n<p><strong>Programme de concert<\/strong><\/p>\n<p><strong>Evaristo Felice Dall&rsquo;Abaco<\/strong>\u00a0(1675-1742)<br \/>\nConcerto grosso \u00e0 pi\u00f9 istrumenti op.5 n<sup>o<\/sup>\u00a06 en r\u00e9 majeur<br \/>\nAllegro<br \/>\nAria Cantabile<br \/>\nCiaconna Allegro e spiccato<br \/>\nRondeau Allegro<br \/>\nAllegro<\/p>\n<p><strong>Francesco Maria Veracini<\/strong>\u00a0(1690-1768)<br \/>\nOvertura en sol mineur<br \/>\nAllegro<br \/>\nLargo<br \/>\nAllegro<br \/>\nMenuet Allegro<\/p>\n<p><strong>Tomaso Giovanni Albinoni<\/strong>\u00a0(1671-1751)<br \/>\nExtrait du concerto op.10 n<sup>o<\/sup>\u00a05 en la majeur, \u00a0pour violon et cordes<br \/>\nAndante<\/p>\n<p><strong>Benedetto<\/strong><strong>\u00a0<\/strong><strong>Marcello<\/strong><strong>\u00a0<\/strong>(1686-1739)<br \/>\nConcerto \u00a0pour violon, cordes et basse continue, op.1 n<sup>o<\/sup>\u00a09 en la majeur<br \/>\nPresto<br \/>\nLargo schietto<br \/>\nPresto\/adagio<br \/>\nPrestissimo<\/p>\n<p>Pause<\/p>\n<p><strong>Pietro Locatelli<\/strong><strong>\u00a0<\/strong>(1695-1764)<br \/>\n<em>Introduzione teatrale\u00a0<\/em>op.4\u00a0n<sup>o\u00a0<\/sup>2 fa majeur<br \/>\nAllegro<br \/>\nAndante<br \/>\nAllegro<\/p>\n<p><strong>Alessandro<\/strong><strong>\u00a0<\/strong><strong>Marcello<\/strong><strong>\u00a0<\/strong>(1684-1750)<br \/>\n<em>La Cetra<\/em>\u00a0concerto 3 en si mineur<br \/>\nAndante Larghetto<br \/>\nAdagio<br \/>\nPresto<\/p>\n<p><strong>Domenico Gallo<\/strong><strong>\u00a0<\/strong>(1730-1775)<br \/>\nSonata \u00e0 4 n<sup>o\u00a0<\/sup>2 en fa majeur<br \/>\nAdagio<br \/>\nAllegro Moderato<br \/>\nAdagio<br \/>\nPresto<\/p>\n<p><strong>Antonio Vivaldi<\/strong><strong>\u00a0<\/strong>(1678-1741)<br \/>\nConcerto pour violon, cordes et basse continue en mi mineur, RV 278<br \/>\nAllegro molto\/andante<br \/>\nLargo<br \/>\nAllegro<\/p>\n","protected":false},"excerpt":{"rendered":"<p>En 1720, le compositeur Benedetto Marcello publia un pamphlet intitul\u00e9 Il Teatro alla moda, dans lequel il pourfendait de mani\u00e8re ironique ce qu\u2019il consid\u00e9rait comme les travers de l\u2019op\u00e9ra de son temps. En 2015, la chaleureuse violoniste fran\u00e7aise Amandine Beyer en a fait le titre d\u2019un enregistrement tout Vivaldi et elle r\u00e9cidive pour ce concert [&hellip;]<\/p>\n","protected":false},"author":1,"featured_media":47063,"comment_status":"open","ping_status":"closed","template":"","meta":{"om_disable_all_campaigns":false,"jetpack_post_was_ever_published":false},"tags":[],"tribe_events_cat":[6109,5052,5053,5124,6476],"acf":[],"jetpack_sharing_enabled":true,"_links":{"self":[{"href":"https:\/\/www.ludwig-van.com\/montreal\/wp-json\/wp\/v2\/tribe_events\/51058"}],"collection":[{"href":"https:\/\/www.ludwig-van.com\/montreal\/wp-json\/wp\/v2\/tribe_events"}],"about":[{"href":"https:\/\/www.ludwig-van.com\/montreal\/wp-json\/wp\/v2\/types\/tribe_events"}],"author":[{"embeddable":true,"href":"https:\/\/www.ludwig-van.com\/montreal\/wp-json\/wp\/v2\/users\/1"}],"replies":[{"embeddable":true,"href":"https:\/\/www.ludwig-van.com\/montreal\/wp-json\/wp\/v2\/comments?post=51058"}],"version-history":[{"count":1,"href":"https:\/\/www.ludwig-van.com\/montreal\/wp-json\/wp\/v2\/tribe_events\/51058\/revisions"}],"predecessor-version":[{"id":51059,"href":"https:\/\/www.ludwig-van.com\/montreal\/wp-json\/wp\/v2\/tribe_events\/51058\/revisions\/51059"}],"wp:featuredmedia":[{"embeddable":true,"href":"https:\/\/www.ludwig-van.com\/montreal\/wp-json\/wp\/v2\/media\/47063"}],"wp:attachment":[{"href":"https:\/\/www.ludwig-van.com\/montreal\/wp-json\/wp\/v2\/media?parent=51058"}],"wp:term":[{"taxonomy":"post_tag","embeddable":true,"href":"https:\/\/www.ludwig-van.com\/montreal\/wp-json\/wp\/v2\/tags?post=51058"},{"taxonomy":"tribe_events_cat","embeddable":true,"href":"https:\/\/www.ludwig-van.com\/montreal\/wp-json\/wp\/v2\/tribe_events_cat?post=51058"}],"curies":[{"name":"wp","href":"https:\/\/api.w.org\/{rel}","templated":true}]}}