{"id":51011,"date":"2018-01-22T14:48:19","date_gmt":"2018-01-22T19:48:19","guid":{"rendered":"https:\/\/www.ludwig-van.com\/montreal\/?post_type=tribe_events&#038;p=51011"},"modified":"2018-01-22T14:48:19","modified_gmt":"2018-01-22T19:48:19","slug":"orchestre-metropolitain-retour-de-rolando-villazon","status":"publish","type":"tribe_events","link":"https:\/\/www.ludwig-van.com\/montreal\/event\/orchestre-metropolitain-retour-de-rolando-villazon\/","title":{"rendered":"Orchestre M\u00e9tropolitain | Le retour de Rolando Villaz\u00f3n"},"content":{"rendered":"<p>Rolando Villaz\u00f3n revient faire vibrer la Maison symphonique de sa voix \u00e9clatante et de ses \u00e9l\u00e9gantes couleurs. Le po\u00e8me symphonique <em>Les Pins de Rome<\/em> de Respighi nous guide en musique dans diff\u00e9rents lieux et moments de la Ville \u00e9ternelle, de la villa Borghese jusqu\u2019au Capitole, de jour comme de nuit, en temps de paix comme en p\u00e9riode de guerre. Pour Strauss, le h\u00e9ros allemand surnomm\u00e9 Till l\u2019Espi\u00e8gle a une personnalit\u00e9 sonore\u00a0: le cor d\u2019harmonie et la clarinette. Tout au long du po\u00e8me symphonique <em>Till Eulenspiegel,<\/em> on suit les coups pendables de ce h\u00e9ros taquin.<\/p>\n<p>Avec la participation d\u2019\u00e9tudiants du Conservatoire de musique de Montr\u00e9al.<\/p>\n<p>Yannick N\u00e9zet-S\u00e9guin, chef<br \/>\nRolando Villaz\u00f3n, t\u00e9nor<\/p>\n<p>\u0152UVRES<br \/>\n<strong>R. STRAUSS, <\/strong>Till Eulenspiegel<br \/>\n<strong>De FALLA<\/strong>, Siete Canciones<br \/>\n<strong>VERDI-BERIO<\/strong>, Songs<br \/>\n<strong>RESPIGHI<\/strong>, Pini di Roma<\/p>\n","protected":false},"excerpt":{"rendered":"<p>Rolando Villaz\u00f3n revient faire vibrer la Maison symphonique de sa voix \u00e9clatante et de ses \u00e9l\u00e9gantes couleurs. Le po\u00e8me symphonique Les Pins de Rome de Respighi nous guide en musique dans diff\u00e9rents lieux et moments de la Ville \u00e9ternelle, de la villa Borghese jusqu\u2019au Capitole, de jour comme de nuit, en temps de paix comme [&hellip;]<\/p>\n","protected":false},"author":1,"featured_media":51012,"comment_status":"open","ping_status":"closed","template":"","meta":{"om_disable_all_campaigns":false,"jetpack_post_was_ever_published":false},"tags":[],"tribe_events_cat":[6487,5050],"acf":[],"jetpack_sharing_enabled":true,"_links":{"self":[{"href":"https:\/\/www.ludwig-van.com\/montreal\/wp-json\/wp\/v2\/tribe_events\/51011"}],"collection":[{"href":"https:\/\/www.ludwig-van.com\/montreal\/wp-json\/wp\/v2\/tribe_events"}],"about":[{"href":"https:\/\/www.ludwig-van.com\/montreal\/wp-json\/wp\/v2\/types\/tribe_events"}],"author":[{"embeddable":true,"href":"https:\/\/www.ludwig-van.com\/montreal\/wp-json\/wp\/v2\/users\/1"}],"replies":[{"embeddable":true,"href":"https:\/\/www.ludwig-van.com\/montreal\/wp-json\/wp\/v2\/comments?post=51011"}],"version-history":[{"count":1,"href":"https:\/\/www.ludwig-van.com\/montreal\/wp-json\/wp\/v2\/tribe_events\/51011\/revisions"}],"predecessor-version":[{"id":51013,"href":"https:\/\/www.ludwig-van.com\/montreal\/wp-json\/wp\/v2\/tribe_events\/51011\/revisions\/51013"}],"wp:featuredmedia":[{"embeddable":true,"href":"https:\/\/www.ludwig-van.com\/montreal\/wp-json\/wp\/v2\/media\/51012"}],"wp:attachment":[{"href":"https:\/\/www.ludwig-van.com\/montreal\/wp-json\/wp\/v2\/media?parent=51011"}],"wp:term":[{"taxonomy":"post_tag","embeddable":true,"href":"https:\/\/www.ludwig-van.com\/montreal\/wp-json\/wp\/v2\/tags?post=51011"},{"taxonomy":"tribe_events_cat","embeddable":true,"href":"https:\/\/www.ludwig-van.com\/montreal\/wp-json\/wp\/v2\/tribe_events_cat?post=51011"}],"curies":[{"name":"wp","href":"https:\/\/api.w.org\/{rel}","templated":true}]}}