{"id":50210,"date":"2017-12-12T21:56:36","date_gmt":"2017-12-13T02:56:36","guid":{"rendered":"https:\/\/www.ludwig-van.com\/montreal\/?post_type=tribe_events&#038;p=50210"},"modified":"2017-12-12T21:56:36","modified_gmt":"2017-12-13T02:56:36","slug":"concerts-lmmc-angela-hewitt","status":"publish","type":"tribe_events","link":"https:\/\/www.ludwig-van.com\/montreal\/event\/concerts-lmmc-angela-hewitt\/","title":{"rendered":"Concerts LMMC | Angela Hewitt"},"content":{"rendered":"<p>Pianiste de renomm\u00e9e internationale, Angela Hewitt est consid\u00e9r\u00e9e comme une interpr\u00e8te d\u2019exception de la musique de J.S. Bach. De 1994 \u00e0 2005, elle a enregistr\u00e9 l\u2019int\u00e9grale de l\u2019\u0153uvre pour clavier de ce compositeur, enregistrements qui ont \u00e9t\u00e9 r\u00e9compens\u00e9s \u00e0 plusieurs reprises par le Prix Juno. Angela Hewitt a \u00e9galement enregistr\u00e9 l\u2019int\u00e9grale des sonates pour piano de Beethoven, ainsi que des \u0153uvres de Schumann. Son vaste r\u00e9pertoire, allant du baroque au XXI<sup>e<\/sup> si\u00e8cle, comprend des \u0153uvres de musique fran\u00e7aise \u2013 dont celles de Ravel qu\u2019elle a donn\u00e9 int\u00e9gralement en concert \u2013 tout comme des \u0153uvres de compositeurs canadiens contemporains. Angela Hewitt donne des r\u00e9citals en solo et en musique de chambre, tout en se produisant avec des orchestres de renom \u00e0 travers le monde. Laur\u00e9ate de divers concours internationaux, elle est \u00e9galement r\u00e9cipiendaire de plusieurs prix et distinctions honorifiques dont l\u2019Order of the British Empire (2006). Elle est membre de la Soci\u00e9t\u00e9 royale du Canada et a \u00e9t\u00e9 nomm\u00e9e compagnon de l\u2019Ordre du Canada en 2015.<\/p>\n<p>9<sup>e<\/sup> r\u00e9cital au LMMC.<\/p>\n<p><a href=\"http:\/\/www.angelahewitt.com\/\" target=\"_blank\" rel=\"noopener\">www.angelahewitt.com<\/a><\/p>\n","protected":false},"excerpt":{"rendered":"<p>Pianiste de renomm\u00e9e internationale, Angela Hewitt est consid\u00e9r\u00e9e comme une interpr\u00e8te d\u2019exception de la musique de J.S. Bach. De 1994 \u00e0 2005, elle a enregistr\u00e9 l\u2019int\u00e9grale de l\u2019\u0153uvre pour clavier de ce compositeur, enregistrements qui ont \u00e9t\u00e9 r\u00e9compens\u00e9s \u00e0 plusieurs reprises par le Prix Juno. Angela Hewitt a \u00e9galement enregistr\u00e9 l\u2019int\u00e9grale des sonates pour piano [&hellip;]<\/p>\n","protected":false},"author":1,"featured_media":50201,"comment_status":"open","ping_status":"closed","template":"","meta":{"om_disable_all_campaigns":false,"jetpack_post_was_ever_published":false},"tags":[],"tribe_events_cat":[5024],"acf":[],"jetpack_sharing_enabled":true,"_links":{"self":[{"href":"https:\/\/www.ludwig-van.com\/montreal\/wp-json\/wp\/v2\/tribe_events\/50210"}],"collection":[{"href":"https:\/\/www.ludwig-van.com\/montreal\/wp-json\/wp\/v2\/tribe_events"}],"about":[{"href":"https:\/\/www.ludwig-van.com\/montreal\/wp-json\/wp\/v2\/types\/tribe_events"}],"author":[{"embeddable":true,"href":"https:\/\/www.ludwig-van.com\/montreal\/wp-json\/wp\/v2\/users\/1"}],"replies":[{"embeddable":true,"href":"https:\/\/www.ludwig-van.com\/montreal\/wp-json\/wp\/v2\/comments?post=50210"}],"version-history":[{"count":1,"href":"https:\/\/www.ludwig-van.com\/montreal\/wp-json\/wp\/v2\/tribe_events\/50210\/revisions"}],"predecessor-version":[{"id":50211,"href":"https:\/\/www.ludwig-van.com\/montreal\/wp-json\/wp\/v2\/tribe_events\/50210\/revisions\/50211"}],"wp:featuredmedia":[{"embeddable":true,"href":"https:\/\/www.ludwig-van.com\/montreal\/wp-json\/wp\/v2\/media\/50201"}],"wp:attachment":[{"href":"https:\/\/www.ludwig-van.com\/montreal\/wp-json\/wp\/v2\/media?parent=50210"}],"wp:term":[{"taxonomy":"post_tag","embeddable":true,"href":"https:\/\/www.ludwig-van.com\/montreal\/wp-json\/wp\/v2\/tags?post=50210"},{"taxonomy":"tribe_events_cat","embeddable":true,"href":"https:\/\/www.ludwig-van.com\/montreal\/wp-json\/wp\/v2\/tribe_events_cat?post=50210"}],"curies":[{"name":"wp","href":"https:\/\/api.w.org\/{rel}","templated":true}]}}