{"id":48842,"date":"2017-10-17T16:43:48","date_gmt":"2017-10-17T20:43:48","guid":{"rendered":"https:\/\/www.ludwig-van.com\/montreal\/?post_type=tribe_events&#038;p=48842"},"modified":"2017-10-17T16:43:48","modified_gmt":"2017-10-17T20:43:48","slug":"quatuor-molinari-serie-ensemble-residence-grandes-premieres","status":"publish","type":"tribe_events","link":"https:\/\/www.ludwig-van.com\/montreal\/event\/quatuor-molinari-serie-ensemble-residence-grandes-premieres\/","title":{"rendered":"Quatuor Molinari | S\u00e9rie Ensemble en r\u00e9sidence : Grandes premi\u00e8res"},"content":{"rendered":"<p>Nicolas Gilbert :\u00a0cr\u00e9ation<br \/>\nVincent Collard : Quatuor no.3 (cr\u00e9ation)<br \/>\nKrzysztof Penderecki : Quatuor no.4 (premi\u00e8re canadienne)<br \/>\nGy\u00f6rgy Ligeti : Andante et Allegretto<\/p>\n<p>Acclam\u00e9 par le public et par la critique musicale internationale depuis sa fondation en 1997, le Quatuor Molinari se consacre au riche r\u00e9pertoire pour quatuor \u00e0 cordes des 20<sup>e<\/sup> et 21<sup>e<\/sup> si\u00e8cles, commande des oeuvres nouvelles aux compositeurs et initie des rencontres entre les musiciens, les artistes et le public.<\/p>\n","protected":false},"excerpt":{"rendered":"<p>Nicolas Gilbert :\u00a0cr\u00e9ation Vincent Collard : Quatuor no.3 (cr\u00e9ation) Krzysztof Penderecki : Quatuor no.4 (premi\u00e8re canadienne) Gy\u00f6rgy Ligeti : Andante et Allegretto Acclam\u00e9 par le public et par la critique musicale internationale depuis sa fondation en 1997, le Quatuor Molinari se consacre au riche r\u00e9pertoire pour quatuor \u00e0 cordes des 20e et 21e si\u00e8cles, commande [&hellip;]<\/p>\n","protected":false},"author":1,"featured_media":0,"comment_status":"open","ping_status":"closed","template":"","meta":{"om_disable_all_campaigns":false,"jetpack_post_was_ever_published":false},"tags":[],"tribe_events_cat":[6109,5052,5327,5124,6476],"acf":[],"jetpack_sharing_enabled":true,"_links":{"self":[{"href":"https:\/\/www.ludwig-van.com\/montreal\/wp-json\/wp\/v2\/tribe_events\/48842"}],"collection":[{"href":"https:\/\/www.ludwig-van.com\/montreal\/wp-json\/wp\/v2\/tribe_events"}],"about":[{"href":"https:\/\/www.ludwig-van.com\/montreal\/wp-json\/wp\/v2\/types\/tribe_events"}],"author":[{"embeddable":true,"href":"https:\/\/www.ludwig-van.com\/montreal\/wp-json\/wp\/v2\/users\/1"}],"replies":[{"embeddable":true,"href":"https:\/\/www.ludwig-van.com\/montreal\/wp-json\/wp\/v2\/comments?post=48842"}],"version-history":[{"count":1,"href":"https:\/\/www.ludwig-van.com\/montreal\/wp-json\/wp\/v2\/tribe_events\/48842\/revisions"}],"predecessor-version":[{"id":48843,"href":"https:\/\/www.ludwig-van.com\/montreal\/wp-json\/wp\/v2\/tribe_events\/48842\/revisions\/48843"}],"wp:attachment":[{"href":"https:\/\/www.ludwig-van.com\/montreal\/wp-json\/wp\/v2\/media?parent=48842"}],"wp:term":[{"taxonomy":"post_tag","embeddable":true,"href":"https:\/\/www.ludwig-van.com\/montreal\/wp-json\/wp\/v2\/tags?post=48842"},{"taxonomy":"tribe_events_cat","embeddable":true,"href":"https:\/\/www.ludwig-van.com\/montreal\/wp-json\/wp\/v2\/tribe_events_cat?post=48842"}],"curies":[{"name":"wp","href":"https:\/\/api.w.org\/{rel}","templated":true}]}}