{"id":48820,"date":"2017-10-17T15:45:10","date_gmt":"2017-10-17T19:45:10","guid":{"rendered":"https:\/\/www.ludwig-van.com\/montreal\/?post_type=tribe_events&#038;p=48820"},"modified":"2017-10-17T15:45:10","modified_gmt":"2017-10-17T19:45:10","slug":"productions-octave-edgar-2-fantomes","status":"publish","type":"tribe_events","link":"https:\/\/www.ludwig-van.com\/montreal\/event\/productions-octave-edgar-2-fantomes\/2017-10-19\/","title":{"rendered":"Productions Octave | Edgar 2 et ses fant\u00f4mes"},"content":{"rendered":"<p>Cette nouvelle cr\u00e9ation conservera sa joyeuse simplicit\u00e9 et la m\u00eame id\u00e9ologie du divertissement qui, toutes deux ax\u00e9es sur la qualit\u00e9 des textes et de la mise en sc\u00e8ne, permettront au jeu des com\u00e9diens d\u2019\u00eatre encore plus fascinants pour toute la famille.<\/p>\n<p>L\u2019ic\u00f4ne <strong>Edgar Fruitier<\/strong>, 86 ans, plus jeune que jamais, rencontrera la grande et fascinante communicatrice et musicienne, <strong>Catherine Perrin<\/strong>, pour pr\u00eater leur image et leur stature \u00e0 cette nouvelle cr\u00e9ation, cette toute nouvelle exp\u00e9rience du spectacle. Qui seront les grands compositeurs qui se manifesteront sur sc\u00e8ne ? Myst\u00e8re\u2008! Seul l\u2019avenir nous le dira !<\/p>\n<p>R\u00e9fl\u00e9chie, l\u2019\u00e9l\u00e9gance de la mise en sc\u00e8ne de <strong>Mich\u00e8le Deslauriers<\/strong> apportera une touche f\u00e9minine \u00e0 ce magnifique projet. Plusieurs g\u00e9n\u00e9rations se croiseront dans cette cr\u00e9ation et, gr\u00e2ce \u00e0 sa jeunesse et \u00e0 sa vive inspiration, l\u2019auteur <strong>Emmanuel Reichenbach<\/strong> d\u00e9fiera toutes les lois de la temporalit\u00e9\u2026 Le s\u00e9duisant et incontournable <em>maestro<\/em><strong> Jean- Pascal Hamelin<\/strong> sera de retour en force et avec un r\u00e9pertoire musical toujours plus fascinant, il nous emm\u00e8nera sur les plus hauts sommets du r\u00eave.<\/p>\n<p>En r\u00e9sum\u00e9, subtilit\u00e9 et tendresse pour vous faire vibrer, et un niveau d\u2019\u00e9motion et de plaisir encore plus \u00e9lev\u00e9 pour nous \u00e9merveiller\u2026 Encore une fois, vous assisterez au mariage extatique du th\u00e9\u00e2tre et de la musique en tous points extraordinaire !<\/p>\n<p>Le r\u00e9sultat saura \u00e9veiller en vous un intense sentiment de bonheur, de r\u00eaverie et\u00a0 d\u2019imaginaire \u00e0 nul autre pareil.<\/p>\n<p>Avec :<br \/>\nEdgar Fruitier,<br \/>\nCatherine Perrin,<br \/>\nS\u00e9bastien Dhavernas,<br \/>\nAntoine Durand,<br \/>\nJean-Fran\u00e7ois Blanchard,<br \/>\nGilbert Lachance,<br \/>\nMyriam Leblanc,<br \/>\nKeven Geddes et<br \/>\nJean-Pascal Hamelin<\/p>\n<p>Texte : Emmanuel Reichenbach<br \/>\nMise en sc\u00e8ne : Mich\u00e8le Deslauriers<br \/>\nDirection musicale : Jean-Pascal Hamelin<br \/>\nId\u00e9e originale : Jean-Claude Dumesnil<\/p>\n","protected":false},"excerpt":{"rendered":"<p>Cette nouvelle cr\u00e9ation conservera sa joyeuse simplicit\u00e9 et la m\u00eame id\u00e9ologie du divertissement qui, toutes deux ax\u00e9es sur la qualit\u00e9 des textes et de la mise en sc\u00e8ne, permettront au jeu des com\u00e9diens d\u2019\u00eatre encore plus fascinants pour toute la famille. L\u2019ic\u00f4ne Edgar Fruitier, 86 ans, plus jeune que jamais, rencontrera la grande et fascinante [&hellip;]<\/p>\n","protected":false},"author":1,"featured_media":48821,"comment_status":"open","ping_status":"closed","template":"","meta":{"om_disable_all_campaigns":false,"jetpack_post_was_ever_published":false},"tags":[],"tribe_events_cat":[5502],"acf":[],"jetpack_sharing_enabled":true,"_links":{"self":[{"href":"https:\/\/www.ludwig-van.com\/montreal\/wp-json\/wp\/v2\/tribe_events\/48820"}],"collection":[{"href":"https:\/\/www.ludwig-van.com\/montreal\/wp-json\/wp\/v2\/tribe_events"}],"about":[{"href":"https:\/\/www.ludwig-van.com\/montreal\/wp-json\/wp\/v2\/types\/tribe_events"}],"author":[{"embeddable":true,"href":"https:\/\/www.ludwig-van.com\/montreal\/wp-json\/wp\/v2\/users\/1"}],"replies":[{"embeddable":true,"href":"https:\/\/www.ludwig-van.com\/montreal\/wp-json\/wp\/v2\/comments?post=48820"}],"version-history":[{"count":1,"href":"https:\/\/www.ludwig-van.com\/montreal\/wp-json\/wp\/v2\/tribe_events\/48820\/revisions"}],"predecessor-version":[{"id":48822,"href":"https:\/\/www.ludwig-van.com\/montreal\/wp-json\/wp\/v2\/tribe_events\/48820\/revisions\/48822"}],"wp:featuredmedia":[{"embeddable":true,"href":"https:\/\/www.ludwig-van.com\/montreal\/wp-json\/wp\/v2\/media\/48821"}],"wp:attachment":[{"href":"https:\/\/www.ludwig-van.com\/montreal\/wp-json\/wp\/v2\/media?parent=48820"}],"wp:term":[{"taxonomy":"post_tag","embeddable":true,"href":"https:\/\/www.ludwig-van.com\/montreal\/wp-json\/wp\/v2\/tags?post=48820"},{"taxonomy":"tribe_events_cat","embeddable":true,"href":"https:\/\/www.ludwig-van.com\/montreal\/wp-json\/wp\/v2\/tribe_events_cat?post=48820"}],"curies":[{"name":"wp","href":"https:\/\/api.w.org\/{rel}","templated":true}]}}