{"id":48568,"date":"2017-10-09T21:08:45","date_gmt":"2017-10-10T01:08:45","guid":{"rendered":"https:\/\/www.ludwig-van.com\/montreal\/?post_type=tribe_events&#038;p=48568"},"modified":"2017-10-09T21:08:45","modified_gmt":"2017-10-10T01:08:45","slug":"fondation-arte-musica-lesemble-variances-ailes-desir","status":"publish","type":"tribe_events","link":"https:\/\/www.ludwig-van.com\/montreal\/event\/fondation-arte-musica-lesemble-variances-ailes-desir\/","title":{"rendered":"Fondation Arte Musica | L&rsquo;Esemble Variances : Les ailes du d\u00e9sir"},"content":{"rendered":"<p>Pour son retour \u00e0 Montr\u00e9al, l\u2019ensemble fran\u00e7ais Variances s\u2019inspire du d\u00e9sir, l\u2019un des sentiments humains les plus puissants. Il est source d\u2019inspiration pour les cr\u00e9ateurs, comme le prouve ce programme dont il est le fil conducteur. Dans un dialogue entre la musique fran\u00e7aise du d\u00e9but du XXe si\u00e8cle et celle d\u2019aujourd\u2019hui, des compositions de Thierry P\u00e9cou r\u00e9pondent \u00e0 des \u0153uvres marquantes de Debussy et de Stravinski. Michael Elisson, avec qui Thierry P\u00e9cou et l\u2019Ensemble Variances entretiennent un fort lien, pr\u00e9sente une nouvelle \u0153uvre sur ce m\u00eame th\u00e8me.<\/p>\n<div class=\"title green_title\">ARTISTES<\/div>\n<div class=\"content_wrap\">\n<p><strong>ENSEMBLE VARIANCES<br \/>\n<\/strong><strong>Thierry P\u00e9cou<\/strong>, piano et direction<br \/>\n<strong>Anne Cartel<\/strong>, fl\u00fbte<br \/>\n<strong>Nicolas Prost<\/strong>, saxophone<br \/>\n<strong>Carjez Gerretsen<\/strong>, clarinette<br \/>\n<strong>Liana\u00a0 Gourdjia<\/strong>, violon<br \/>\n<strong>David Louwerse<\/strong>, violoncelle<\/p>\n<div class=\"title green_title\">PROGRAMME<\/div>\n<div class=\"content_wrap\">\n<p><strong>DEBUSSY :\u00a0<\/strong><em>Pr\u00e9lude \u00e0 l\u2019apr\u00e8s-midi d\u2019un faune<\/em>, pour fl\u00fbte, clarinette et piano (arr. Webster)<\/p>\n<p><strong>Michael ELISSON :\u00a0<\/strong><em>Being Desire<\/em><\/p>\n<p><strong>STRAVINSKI :\u00a0<\/strong>Suite de <em>L\u2019Histoire du soldat, <\/em>pour clarinette, violon et piano<\/p>\n<p><strong>Thierry P\u00c9COU :\u00a0<\/strong><em>Quelqu\u2019un parle au tango<\/em>, pour clarinette, violon, violoncelle et piano<\/p>\n<p><strong>STRAVINSKI :\u00a0<\/strong><em>Tango <\/em>pour violon et piano<\/p>\n<p><strong>Thierry P\u00c9COU :\u00a0<\/strong><em>Les Machines d\u00e9sirantes, <\/em>pour piano, fl\u00fbte, saxophone, clarinette, violon et\u00a0\u00a0 violoncelle<\/p>\n<\/div>\n<\/div>\n<p>L\u2019Ensemble Variances est soutenu par le Minist\u00e8re de la Culture et de la Communication &#8211; Drac Normandie, la R\u00e9gion Normandie, la Spedidam, la Sacem, la Ville de Rouen, l\u2019Odia Normandie, l\u2019Onda, et le Bureau Export. Cette tourn\u00e9e est administr\u00e9e par Alto &#8211; solutions artistiques.<\/p>\n","protected":false},"excerpt":{"rendered":"<p>Pour son retour \u00e0 Montr\u00e9al, l\u2019ensemble fran\u00e7ais Variances s\u2019inspire du d\u00e9sir, l\u2019un des sentiments humains les plus puissants. Il est source d\u2019inspiration pour les cr\u00e9ateurs, comme le prouve ce programme dont il est le fil conducteur. Dans un dialogue entre la musique fran\u00e7aise du d\u00e9but du XXe si\u00e8cle et celle d\u2019aujourd\u2019hui, des compositions de Thierry [&hellip;]<\/p>\n","protected":false},"author":1,"featured_media":48569,"comment_status":"open","ping_status":"closed","template":"","meta":{"om_disable_all_campaigns":false,"jetpack_post_was_ever_published":false},"tags":[],"tribe_events_cat":[],"acf":[],"jetpack_sharing_enabled":true,"_links":{"self":[{"href":"https:\/\/www.ludwig-van.com\/montreal\/wp-json\/wp\/v2\/tribe_events\/48568"}],"collection":[{"href":"https:\/\/www.ludwig-van.com\/montreal\/wp-json\/wp\/v2\/tribe_events"}],"about":[{"href":"https:\/\/www.ludwig-van.com\/montreal\/wp-json\/wp\/v2\/types\/tribe_events"}],"author":[{"embeddable":true,"href":"https:\/\/www.ludwig-van.com\/montreal\/wp-json\/wp\/v2\/users\/1"}],"replies":[{"embeddable":true,"href":"https:\/\/www.ludwig-van.com\/montreal\/wp-json\/wp\/v2\/comments?post=48568"}],"version-history":[{"count":1,"href":"https:\/\/www.ludwig-van.com\/montreal\/wp-json\/wp\/v2\/tribe_events\/48568\/revisions"}],"predecessor-version":[{"id":48570,"href":"https:\/\/www.ludwig-van.com\/montreal\/wp-json\/wp\/v2\/tribe_events\/48568\/revisions\/48570"}],"wp:featuredmedia":[{"embeddable":true,"href":"https:\/\/www.ludwig-van.com\/montreal\/wp-json\/wp\/v2\/media\/48569"}],"wp:attachment":[{"href":"https:\/\/www.ludwig-van.com\/montreal\/wp-json\/wp\/v2\/media?parent=48568"}],"wp:term":[{"taxonomy":"post_tag","embeddable":true,"href":"https:\/\/www.ludwig-van.com\/montreal\/wp-json\/wp\/v2\/tags?post=48568"},{"taxonomy":"tribe_events_cat","embeddable":true,"href":"https:\/\/www.ludwig-van.com\/montreal\/wp-json\/wp\/v2\/tribe_events_cat?post=48568"}],"curies":[{"name":"wp","href":"https:\/\/api.w.org\/{rel}","templated":true}]}}