{"id":48541,"date":"2017-10-05T19:57:36","date_gmt":"2017-10-05T23:57:36","guid":{"rendered":"https:\/\/www.ludwig-van.com\/montreal\/?post_type=tribe_events&#038;p=48541"},"modified":"2017-10-05T19:57:36","modified_gmt":"2017-10-05T23:57:36","slug":"fondation-arte-musica-poeme-harmonique-2","status":"publish","type":"tribe_events","link":"https:\/\/www.ludwig-van.com\/montreal\/event\/fondation-arte-musica-poeme-harmonique-2\/","title":{"rendered":"Fondation Arte Musica | Le po\u00e8me harmonique"},"content":{"rendered":"<p class=\"Texte\"><strong><span class=\"CharOverride-6\"><em>Danza<\/em> !<\/span><\/strong><\/p>\n<p class=\"Texte\">On n\u2019a jamais autant dans\u00e9 en France qu\u2019au XVII<span class=\"CharOverride-11\">e<\/span> si\u00e8cle. Dans ce r\u00e9cital vocal accompagn\u00e9 par la guitare et les castagnettes, <em><span class=\"CharOverride-9\">Danza !<\/span><\/em> pr\u00e9sente les musiques espagnoles jou\u00e9es dans le Paris baroque. Avec des <span class=\"CharOverride-9\">folias<\/span>,<span class=\"CharOverride-9\">sarabandas<\/span> et <span class=\"CharOverride-9\">espa\u00f1olas<\/span>, l\u2019ensemble fran\u00e7ais Le Po\u00e8me Harmonique nous rappelle la place de l\u2019Espagne dans les ballets de cour sous Louis XIII et Louis XIV ainsi que l\u2019engouement fran\u00e7ais pour la culture ib\u00e9rique.<\/p>\n<p class=\"Texte\">R\u00e9v\u00e9lation artiste lyrique des Victoires de la Musique en 2010, Isabelle Druet m\u00e8ne une carri\u00e8re internationale remarquable. Elle collabore r\u00e9guli\u00e8rement avec Le Po\u00e8me Harmonique, et leurs concerts attirent toujours les \u00e9loges de la critique et du public.<\/p>\n<div class=\"title green_title\">ARTISTES<br \/>\n<strong style=\"line-height: inherit;\">Isabelle Druet<\/strong><span style=\"line-height: inherit;\">, mezzo-soprano<br \/>\n<\/span><strong style=\"line-height: inherit;\">Vincent Dumestre<\/strong><span style=\"line-height: inherit;\">, th\u00e9orbe, guitare et direction<br \/>\n<\/span><strong style=\"line-height: inherit;\">Fiona-\u00c9milie Poupard<\/strong><span style=\"line-height: inherit;\">, violon<br \/>\n<\/span><strong style=\"line-height: inherit;\">Lucas Peres<\/strong><span style=\"line-height: inherit;\">, basse de viole<br \/>\n<\/span><strong style=\"line-height: inherit;\">Thomas de Pierrefeux<\/strong><span style=\"line-height: inherit;\">, violone<br \/>\n<\/span><strong style=\"line-height: inherit;\">Pere Oliv\u00e9<\/strong><span style=\"line-height: inherit;\">, percussion<\/span><\/div>\n<div><\/div>\n<div>\n<div class=\"title green_title\">PROGRAMME<\/div>\n<div class=\"content_wrap\">\n<p><strong>LUIS DE BRICE\u00d1O<\/strong><br \/>\n<em>Espa\u00f1oleta<\/em><br \/>\n<em>Andalo \u00e7aravanda<\/em><\/p>\n<p><em>Lloren, lloren mis ojos<\/em>, extrait du\u00a0<em>Libro de tonos humanos<\/em><\/p>\n<p><strong>LUIS DE BRICE\u00d1O<\/strong><br \/>\n<em>El caballo del marques<\/em><br \/>\n<em>Que tenga yo mi mujer<br \/>\n<\/em><br \/>\n<strong>ANTONIO MARTIN Y COLL<\/strong><br \/>\n<em>Diferencias sobre la gayta<br \/>\n<\/em><br \/>\n<strong>PEDRO CALDER\u00d3N DE LA BARCA<\/strong><br \/>\n<em>Monologue de Segismundo (La vida es sue\u00f1o)<\/em><\/p>\n<p><strong>HENRY LE BAILLY<\/strong><br \/>\n<em>Pasacalle de la Locura<\/em><\/p>\n<p><strong>LUIS DE BRICE\u00d1O<\/strong><br \/>\n<em>Canario<\/em><\/p>\n<p><strong>ETIENNE MOULINI\u00c9<\/strong><br \/>\n<em>El baxel esta en la playa<\/em><\/p>\n<p><strong>ANONYME<\/strong><br \/>\n<em>No soy yo<\/em>, extrait de <em>Cancionero de Uppsala<\/em><\/p>\n<p><strong>FRANCISCO BERXES<\/strong><br \/>\n<em>Ay, que mal<br \/>\n<\/em><br \/>\n<strong>LUIS DE BRICE\u00d1O<\/strong><br \/>\n<em>Folia<\/em><br \/>\n<em>Serrana, si vuestros ojos<\/em><br \/>\n<em>Di me de que te quexas<\/em><\/p>\n<p>Le Po\u00e8me Harmonique est soutenu par le minist\u00e8re de la Culture et de la Communication (DRAC de Normandie), la R\u00e9gion Normandie et la Ville de Rouen.<br \/>\nLe Po\u00e8me Harmonique est en r\u00e9sidence \u00e0 l\u2019Op\u00e9ra de Rouen Normandie.<br \/>\nPour ses r\u00e9p\u00e9titions, le Po\u00e8me Harmonique est en r\u00e9sidence \u00e0 la Fondation Singer-Polignac.<br \/>\nLa Fondation Total, M\u00e9c\u00e9nat Musical, la Caisse des D\u00e9p\u00f4ts et Lubrizol France sont m\u00e9c\u00e8nes du Po\u00e8me Harmonique.<br \/>\nAvec le soutien de l\u2019Institut Fran\u00e7ais et de l&rsquo;Office de Diffusion et d&rsquo;Information Artistique de Normandie<\/p>\n<\/div>\n<\/div>\n","protected":false},"excerpt":{"rendered":"<p>Danza ! On n\u2019a jamais autant dans\u00e9 en France qu\u2019au XVIIe si\u00e8cle. Dans ce r\u00e9cital vocal accompagn\u00e9 par la guitare et les castagnettes, Danza ! pr\u00e9sente les musiques espagnoles jou\u00e9es dans le Paris baroque. Avec des folias,sarabandas et espa\u00f1olas, l\u2019ensemble fran\u00e7ais Le Po\u00e8me Harmonique nous rappelle la place de l\u2019Espagne dans les ballets de cour [&hellip;]<\/p>\n","protected":false},"author":1,"featured_media":46890,"comment_status":"open","ping_status":"closed","template":"","meta":{"om_disable_all_campaigns":false,"jetpack_post_was_ever_published":false},"tags":[],"tribe_events_cat":[5052,5053],"acf":[],"jetpack_sharing_enabled":true,"_links":{"self":[{"href":"https:\/\/www.ludwig-van.com\/montreal\/wp-json\/wp\/v2\/tribe_events\/48541"}],"collection":[{"href":"https:\/\/www.ludwig-van.com\/montreal\/wp-json\/wp\/v2\/tribe_events"}],"about":[{"href":"https:\/\/www.ludwig-van.com\/montreal\/wp-json\/wp\/v2\/types\/tribe_events"}],"author":[{"embeddable":true,"href":"https:\/\/www.ludwig-van.com\/montreal\/wp-json\/wp\/v2\/users\/1"}],"replies":[{"embeddable":true,"href":"https:\/\/www.ludwig-van.com\/montreal\/wp-json\/wp\/v2\/comments?post=48541"}],"version-history":[{"count":1,"href":"https:\/\/www.ludwig-van.com\/montreal\/wp-json\/wp\/v2\/tribe_events\/48541\/revisions"}],"predecessor-version":[{"id":48542,"href":"https:\/\/www.ludwig-van.com\/montreal\/wp-json\/wp\/v2\/tribe_events\/48541\/revisions\/48542"}],"wp:featuredmedia":[{"embeddable":true,"href":"https:\/\/www.ludwig-van.com\/montreal\/wp-json\/wp\/v2\/media\/46890"}],"wp:attachment":[{"href":"https:\/\/www.ludwig-van.com\/montreal\/wp-json\/wp\/v2\/media?parent=48541"}],"wp:term":[{"taxonomy":"post_tag","embeddable":true,"href":"https:\/\/www.ludwig-van.com\/montreal\/wp-json\/wp\/v2\/tags?post=48541"},{"taxonomy":"tribe_events_cat","embeddable":true,"href":"https:\/\/www.ludwig-van.com\/montreal\/wp-json\/wp\/v2\/tribe_events_cat?post=48541"}],"curies":[{"name":"wp","href":"https:\/\/api.w.org\/{rel}","templated":true}]}}