{"id":48331,"date":"2017-10-02T13:35:08","date_gmt":"2017-10-02T17:35:08","guid":{"rendered":"https:\/\/www.ludwig-van.com\/montreal\/?post_type=tribe_events&#038;p=48331"},"modified":"2017-10-02T13:35:08","modified_gmt":"2017-10-02T17:35:08","slug":"fondation-arte-musica-soledad","status":"publish","type":"tribe_events","link":"https:\/\/www.ludwig-van.com\/montreal\/event\/fondation-arte-musica-soledad\/","title":{"rendered":"Fondation Arte Musica | Soledad"},"content":{"rendered":"<p>L\u2019\u00e9clectique et inventif trio belge Soledad, avec \u00e0 sa barre l\u2019exceptionnel accord\u00e9oniste Manu Comt\u00e9, r\u00e9colte des \u00e9loges unanimes depuis plus de 20 ans. Avec toute l\u2019ing\u00e9niosit\u00e9 et la virtuosit\u00e9 qu\u2019on lui conna\u00eet, il nous propose un programme qui illustre sa libert\u00e9 cr\u00e9atrice et sa polyvalence. De Prokofiev \u00e0 Piazzolla, en passant par Supertramp et Jeff Buckley, ce kal\u00e9idoscope musical est un coup de c\u0153ur assur\u00e9 !<\/p>\n<div class=\"title green_title\">ARTISTES<br \/>\n<strong style=\"line-height: inherit;\">Manu Comt\u00e9<\/strong><span style=\"line-height: inherit;\">, accord\u00e9on et bandon\u00e9on<br \/>\n<\/span><strong style=\"line-height: inherit;\">Jean-Fr\u00e9d\u00e9ric Molard<\/strong><span style=\"line-height: inherit;\">, violon<br \/>\n<\/span><strong style=\"line-height: inherit;\">Alexander Gurning<\/strong><span style=\"line-height: inherit;\">, piano<\/span><\/div>\n","protected":false},"excerpt":{"rendered":"<p>L\u2019\u00e9clectique et inventif trio belge Soledad, avec \u00e0 sa barre l\u2019exceptionnel accord\u00e9oniste Manu Comt\u00e9, r\u00e9colte des \u00e9loges unanimes depuis plus de 20 ans. Avec toute l\u2019ing\u00e9niosit\u00e9 et la virtuosit\u00e9 qu\u2019on lui conna\u00eet, il nous propose un programme qui illustre sa libert\u00e9 cr\u00e9atrice et sa polyvalence. De Prokofiev \u00e0 Piazzolla, en passant par Supertramp et Jeff [&hellip;]<\/p>\n","protected":false},"author":1,"featured_media":48332,"comment_status":"open","ping_status":"closed","template":"","meta":{"om_disable_all_campaigns":false,"jetpack_post_was_ever_published":false},"tags":[],"tribe_events_cat":[5052,5327,5024,6476,5563],"acf":[],"jetpack_sharing_enabled":true,"_links":{"self":[{"href":"https:\/\/www.ludwig-van.com\/montreal\/wp-json\/wp\/v2\/tribe_events\/48331"}],"collection":[{"href":"https:\/\/www.ludwig-van.com\/montreal\/wp-json\/wp\/v2\/tribe_events"}],"about":[{"href":"https:\/\/www.ludwig-van.com\/montreal\/wp-json\/wp\/v2\/types\/tribe_events"}],"author":[{"embeddable":true,"href":"https:\/\/www.ludwig-van.com\/montreal\/wp-json\/wp\/v2\/users\/1"}],"replies":[{"embeddable":true,"href":"https:\/\/www.ludwig-van.com\/montreal\/wp-json\/wp\/v2\/comments?post=48331"}],"version-history":[{"count":1,"href":"https:\/\/www.ludwig-van.com\/montreal\/wp-json\/wp\/v2\/tribe_events\/48331\/revisions"}],"predecessor-version":[{"id":48333,"href":"https:\/\/www.ludwig-van.com\/montreal\/wp-json\/wp\/v2\/tribe_events\/48331\/revisions\/48333"}],"wp:featuredmedia":[{"embeddable":true,"href":"https:\/\/www.ludwig-van.com\/montreal\/wp-json\/wp\/v2\/media\/48332"}],"wp:attachment":[{"href":"https:\/\/www.ludwig-van.com\/montreal\/wp-json\/wp\/v2\/media?parent=48331"}],"wp:term":[{"taxonomy":"post_tag","embeddable":true,"href":"https:\/\/www.ludwig-van.com\/montreal\/wp-json\/wp\/v2\/tags?post=48331"},{"taxonomy":"tribe_events_cat","embeddable":true,"href":"https:\/\/www.ludwig-van.com\/montreal\/wp-json\/wp\/v2\/tribe_events_cat?post=48331"}],"curies":[{"name":"wp","href":"https:\/\/api.w.org\/{rel}","templated":true}]}}