{"id":48175,"date":"2017-09-28T15:40:19","date_gmt":"2017-09-28T19:40:19","guid":{"rendered":"https:\/\/www.ludwig-van.com\/montreal\/?post_type=tribe_events&#038;p=48175"},"modified":"2017-09-28T15:40:19","modified_gmt":"2017-09-28T19:40:19","slug":"cmim-soiree-benefice-palmiers","status":"publish","type":"tribe_events","link":"https:\/\/www.ludwig-van.com\/montreal\/event\/cmim-soiree-benefice-palmiers\/","title":{"rendered":"CMIM | Soir\u00e9e-b\u00e9n\u00e9fice Sous les palmiers"},"content":{"rendered":"<p>Chaque ann\u00e9e, la Fondation Concours musical international de Montr\u00e9al organise une soir\u00e9e-b\u00e9n\u00e9fice au profit du Concours musical international de Montr\u00e9al, une comp\u00e9tition annuelle de musique classique qui accueille chaque ann\u00e9e des jeunes musiciens de partout dans le monde, et un jury form\u00e9 des plus grandes sommit\u00e9s du milieu musical international. La prochaine \u00e9dition du CMIM fera honneur au Chant.\u00a0 Jusqu\u2019\u00e0 40 chanteurs seront s\u00e9lectionn\u00e9s pour participer \u00e0 une toute nouvelle pr\u00e9sentation de l\u2019\u00e9dition Chant qui comprendra d\u00e9sormais deux volets\u00a0: Aria et M\u00e9lodie.\u00a0 Le jury comprend notamment les sopranos Dames Kiri Te Kanawa et Felicity Lott, le t\u00e9nor Ben Heppner et la soprano Soile Isokoski.<\/p>\n<p>Tout au long de cette soir\u00e9e qui promet d\u2019\u00eatre riche en rencontres, en saveurs et en musique, vous aurez l\u2019occasion de mettre la main sur de nombreux lots exclusifs : \u0153uvres d\u2019art in\u00e9dites, voyages pittoresques et forfaits exclusifs, vins rares en formats exceptionnels et bien d\u2019autres tr\u00e9sors seront en effet offerts \u00e0 l\u2019encan silencieux ou cri\u00e9, dans une ambiance festive agr\u00e9ment\u00e9e de quelques surprises musicales.<\/p>\n<p>Tous les profits de cette soir\u00e9e anim\u00e9e par Marie-Claude Lavall\u00e9e seront vers\u00e9s \u00e0 la Fondation du Concours musical international de Montr\u00e9al (CMIM) et seront mis \u00e0 contribution dans la mise en \u0153uvre de l\u2019\u00e9dition Chant 2018 du CMIM, qui se d\u00e9roulera du 27 mai au 7 juin prochains.<\/p>\n<p>Au plaisir de vous accueillir \u00e0 cette merveilleuse soir\u00e9e !<\/p>\n","protected":false},"excerpt":{"rendered":"<p>Chaque ann\u00e9e, la Fondation Concours musical international de Montr\u00e9al organise une soir\u00e9e-b\u00e9n\u00e9fice au profit du Concours musical international de Montr\u00e9al, une comp\u00e9tition annuelle de musique classique qui accueille chaque ann\u00e9e des jeunes musiciens de partout dans le monde, et un jury form\u00e9 des plus grandes sommit\u00e9s du milieu musical international. La prochaine \u00e9dition du CMIM [&hellip;]<\/p>\n","protected":false},"author":1,"featured_media":48176,"comment_status":"open","ping_status":"closed","template":"","meta":{"om_disable_all_campaigns":false,"jetpack_post_was_ever_published":false},"tags":[],"tribe_events_cat":[5771],"acf":[],"jetpack_sharing_enabled":true,"_links":{"self":[{"href":"https:\/\/www.ludwig-van.com\/montreal\/wp-json\/wp\/v2\/tribe_events\/48175"}],"collection":[{"href":"https:\/\/www.ludwig-van.com\/montreal\/wp-json\/wp\/v2\/tribe_events"}],"about":[{"href":"https:\/\/www.ludwig-van.com\/montreal\/wp-json\/wp\/v2\/types\/tribe_events"}],"author":[{"embeddable":true,"href":"https:\/\/www.ludwig-van.com\/montreal\/wp-json\/wp\/v2\/users\/1"}],"replies":[{"embeddable":true,"href":"https:\/\/www.ludwig-van.com\/montreal\/wp-json\/wp\/v2\/comments?post=48175"}],"version-history":[{"count":1,"href":"https:\/\/www.ludwig-van.com\/montreal\/wp-json\/wp\/v2\/tribe_events\/48175\/revisions"}],"predecessor-version":[{"id":48177,"href":"https:\/\/www.ludwig-van.com\/montreal\/wp-json\/wp\/v2\/tribe_events\/48175\/revisions\/48177"}],"wp:featuredmedia":[{"embeddable":true,"href":"https:\/\/www.ludwig-van.com\/montreal\/wp-json\/wp\/v2\/media\/48176"}],"wp:attachment":[{"href":"https:\/\/www.ludwig-van.com\/montreal\/wp-json\/wp\/v2\/media?parent=48175"}],"wp:term":[{"taxonomy":"post_tag","embeddable":true,"href":"https:\/\/www.ludwig-van.com\/montreal\/wp-json\/wp\/v2\/tags?post=48175"},{"taxonomy":"tribe_events_cat","embeddable":true,"href":"https:\/\/www.ludwig-van.com\/montreal\/wp-json\/wp\/v2\/tribe_events_cat?post=48175"}],"curies":[{"name":"wp","href":"https:\/\/api.w.org\/{rel}","templated":true}]}}