{"id":47810,"date":"2017-09-20T15:04:08","date_gmt":"2017-09-20T19:04:08","guid":{"rendered":"https:\/\/www.ludwig-van.com\/montreal\/?post_type=tribe_events&#038;p=47810"},"modified":"2017-09-20T15:04:08","modified_gmt":"2017-09-20T19:04:08","slug":"fondation-arte-musica-leroux3","status":"publish","type":"tribe_events","link":"https:\/\/www.ludwig-van.com\/montreal\/event\/fondation-arte-musica-leroux3\/","title":{"rendered":"Fondation Arte Musica | Leroux3"},"content":{"rendered":"<p>Louang\u00e9 pour \u00ab son excellence, sa prestance et sa pr\u00e9cision \u00bb par le <em>New York Times<\/em>, l\u2019ensemble isra\u00e9lien Meitar fait rayonner la musique d\u2019aujourd\u2019hui dans les plus grandes salles du monde. Ayant interpr\u00e9t\u00e9 plus de 200 \u0153uvres nouvelles au cours des dix derni\u00e8res ann\u00e9es, l\u2019Ensemble montre que la cr\u00e9ation musicale est plus vivante que jamais.<\/p>\n<p>Ce concert met en vedette trois \u0153uvres de son compositeur en r\u00e9sidence, Philippe Leroux, dont une cr\u00e9ation, commande de la Fondation Arte Musica.<\/p>\n<p><em>Concert pr\u00e9sent\u00e9 dans le cadre du Festival Les Ateliers contemporains<\/em><\/p>\n<p><strong>ARTISTES<\/strong><\/p>\n<p><strong>Ensemble Meitar<\/strong><strong><br \/>\n<\/strong><strong>Pierre-Andr\u00e9 Valade<\/strong>, chef<\/p>\n<p><strong>Roy Amotz<\/strong>, fl\u00fbte<br \/>\n<strong>Gilad Harel<\/strong>, clarinette<br \/>\n<strong>Moshe Aharonov<\/strong>, violon<br \/>\n<strong>Jonathan Gotlibovich<\/strong>, violoncelle<br \/>\n<strong>Amit Dolberg<\/strong>, piano<\/p>\n<p><strong>PROGRAMME<\/strong><\/p>\n<p><strong>Philippe Leroux<\/strong><strong><br \/>\n<\/strong><em>Continuo(ns)<\/em><em><br \/>\n<\/em><em>Postlude \u00e0 l\u2019\u00e9pais\u00a0<\/em><em><br \/>\n<\/em><em>Pr\u00e9lude \u00e0 l\u2019\u00e9pais<\/em><\/p>\n<p><strong>Ofer Pelz<br \/>\n<\/strong><em>marchons marchons\u00a0<\/em><\/p>\n<p><strong>Ruben Seroussi<br \/>\n<\/strong><em>Jazz&#8230; \u00e0 propos de Matisse<\/em><\/p>\n","protected":false},"excerpt":{"rendered":"<p>Louang\u00e9 pour \u00ab son excellence, sa prestance et sa pr\u00e9cision \u00bb par le New York Times, l\u2019ensemble isra\u00e9lien Meitar fait rayonner la musique d\u2019aujourd\u2019hui dans les plus grandes salles du monde. Ayant interpr\u00e9t\u00e9 plus de 200 \u0153uvres nouvelles au cours des dix derni\u00e8res ann\u00e9es, l\u2019Ensemble montre que la cr\u00e9ation musicale est plus vivante que jamais. [&hellip;]<\/p>\n","protected":false},"author":1,"featured_media":47811,"comment_status":"open","ping_status":"closed","template":"","meta":{"om_disable_all_campaigns":false,"jetpack_post_was_ever_published":false},"tags":[],"tribe_events_cat":[6109,5327,5024,6476],"acf":[],"jetpack_sharing_enabled":true,"_links":{"self":[{"href":"https:\/\/www.ludwig-van.com\/montreal\/wp-json\/wp\/v2\/tribe_events\/47810"}],"collection":[{"href":"https:\/\/www.ludwig-van.com\/montreal\/wp-json\/wp\/v2\/tribe_events"}],"about":[{"href":"https:\/\/www.ludwig-van.com\/montreal\/wp-json\/wp\/v2\/types\/tribe_events"}],"author":[{"embeddable":true,"href":"https:\/\/www.ludwig-van.com\/montreal\/wp-json\/wp\/v2\/users\/1"}],"replies":[{"embeddable":true,"href":"https:\/\/www.ludwig-van.com\/montreal\/wp-json\/wp\/v2\/comments?post=47810"}],"version-history":[{"count":1,"href":"https:\/\/www.ludwig-van.com\/montreal\/wp-json\/wp\/v2\/tribe_events\/47810\/revisions"}],"predecessor-version":[{"id":47812,"href":"https:\/\/www.ludwig-van.com\/montreal\/wp-json\/wp\/v2\/tribe_events\/47810\/revisions\/47812"}],"wp:featuredmedia":[{"embeddable":true,"href":"https:\/\/www.ludwig-van.com\/montreal\/wp-json\/wp\/v2\/media\/47811"}],"wp:attachment":[{"href":"https:\/\/www.ludwig-van.com\/montreal\/wp-json\/wp\/v2\/media?parent=47810"}],"wp:term":[{"taxonomy":"post_tag","embeddable":true,"href":"https:\/\/www.ludwig-van.com\/montreal\/wp-json\/wp\/v2\/tags?post=47810"},{"taxonomy":"tribe_events_cat","embeddable":true,"href":"https:\/\/www.ludwig-van.com\/montreal\/wp-json\/wp\/v2\/tribe_events_cat?post=47810"}],"curies":[{"name":"wp","href":"https:\/\/api.w.org\/{rel}","templated":true}]}}