{"id":47785,"date":"2017-09-19T22:45:31","date_gmt":"2017-09-20T02:45:31","guid":{"rendered":"https:\/\/www.ludwig-van.com\/montreal\/?post_type=tribe_events&#038;p=47785"},"modified":"2017-09-19T22:45:31","modified_gmt":"2017-09-20T02:45:31","slug":"ecole-de-musique-schulich-schulich-concert-nemcairn","status":"publish","type":"tribe_events","link":"https:\/\/www.ludwig-van.com\/montreal\/event\/ecole-de-musique-schulich-schulich-concert-nemcairn\/","title":{"rendered":"\u00c9cole de musique Schulich | Schulich en concert: NEM\/CAIRN"},"content":{"rendered":"<p><em>\u2026 NEM \/ CAIRN \u2026 De la texture \u2026<\/em><\/p>\n<p>Le Nouvel Ensemble Moderne (NEM) et Ensemble Cairn<br \/>\nLorraine Vaillancourt et Guillaume Bourgogne, chefs<br \/>\nElissa Cassini, violon<\/p>\n<p>Zosha Di Castri &#8211; Phonotopographie<br \/>\nPhilippe Leroux &#8211; De la texture<br \/>\nJ\u00e9r\u00f4me Combier &#8211; Conditions de lumi\u00e8re (Premiere)<br \/>\nPhilippe Leroux &#8211; &#8230; Ami&#8230; Chemin&#8230; Oser&#8230; Vie&#8230;<\/p>\n<p>Au d\u00e9part de ce projet est la sollicitation de <span class=\"bleu\">J\u00e9r\u00f4me Combier<\/span> par la violoniste <span class=\"bleu\">Elissa Cassini<\/span> pour l\u2019\u00e9criture d\u2019un concerto pour violon. Ils eurent l\u2019id\u00e9e d\u2019un projet franco-am\u00e9ricain r\u00e9unissant deux ensembles\u00a0: l\u2019<span class=\"bleu\">Ensemble Argento<\/span> de New-York et l\u2019<span class=\"bleu\">Ensemble Cairn<\/span> dont J\u00e9r\u00f4me Combier est le directeur artistique. Dans le m\u00eame temps, l\u2019envie de J\u00e9r\u00f4me Combier de collaborer avec le tr\u00e8s grand ensemble <span class=\"bleu\">NEM<\/span> \u00e0 Montr\u00e9al, et la pr\u00e9sence de <span class=\"bleu\">Guillaume Bourgogne<\/span>, directeur musical de Cairn comme professeur \u00e0 l\u2019universit\u00e9 McGill de Montr\u00e9al, ont concr\u00e9tis\u00e9 une collaboration artistique autour d\u2019un programme partag\u00e9 de musique fran\u00e7aise autour de la figure du compositeur <span class=\"bleu\">Philippe Leroux.<\/span><\/p>\n<p>Ce projet de double-\u00e9change franco-nord-am\u00e9ricain verra le jour en octobre 2017 dans un premier temps \u00e0 New-York (Saint Peter\u2019s church), Boston (Center for New Music), Berkeley (University of California) Montr\u00e9al (McGill University et Chapelle Historique du Bon-Pasteur) puis en France (\u00e0 Paris pour la venue du NEM et de l\u2019Ensemble Argento sur la saison 2018-19).<\/p>\n<p>L\u2019ensemble Cairn existe depuis 1998. Compos\u00e9 de 11 musiciens, il est dirig\u00e9 par J\u00e9r\u00f4me Combier (direction artistique) et\u00a0Guillaume Bourgogne (directeur musical). Il se donne pour aspiration et objectif la conception de concerts mettant en valeur la musique de son temps, mais ne souhaite jamais se d\u00e9prendre d\u2019une certaine mise en page du concert. Celui-ci est alors con\u00e7u \u2014 \u00e0 l\u2019image d\u2019une composition\u2014 comme un lieu de questionnement dont l\u2019enjeu est de trouver une unit\u00e9 de programme, un ordre des oeuvres jou\u00e9es, de penser aux encha\u00eenements, aux d\u00e9placements des musiciens, de r\u00e9fl\u00e9chir sur les possibilit\u00e9s qu\u2019offre la salle de concert.<\/p>\n<p>L\u2019Ensemble se produit r\u00e9guli\u00e8rement dans les Sc\u00e8nes nationales fran\u00e7aises (La Roche-sur-Yon, Arras-Douai, Orl\u00e9ans, Blois, Bourges et \u00e0 l\u2019international). Il a \u00e9galement \u00e9t\u00e9 invit\u00e9 dans de nombreux festivals fran\u00e7ais et \u00e9trangers : Festival Pr\u00e9sences de Radio\u2011France, Festival Manifeste (Ircam), Festival d\u2019Automne, l\u2019Abbaye de Royaumont, le Festival Musica, Why Note, \u00e0 Darmstadt, Zurich, Rome, Bergen, Londres, Gen\u00e8ve et \u00e0 la Villa M\u00e9dicis.<\/p>\n<p>L\u2019ensemble Cairn enregistre aux \u00e9ditions \u00c6on les musiques de Thierry Blondeau et Rapha\u00ebl Cendo et obtient le Grand Prix du disque de l\u2019Acad\u00e9mie Charles Cros pour son enregistrement du cycle de J\u00e9r\u00f4me Combier : Vies silencieuses.<\/p>\n","protected":false},"excerpt":{"rendered":"<p>\u2026 NEM \/ CAIRN \u2026 De la texture \u2026 Le Nouvel Ensemble Moderne (NEM) et Ensemble Cairn Lorraine Vaillancourt et Guillaume Bourgogne, chefs Elissa Cassini, violon Zosha Di Castri &#8211; Phonotopographie Philippe Leroux &#8211; De la texture J\u00e9r\u00f4me Combier &#8211; Conditions de lumi\u00e8re (Premiere) Philippe Leroux &#8211; &#8230; Ami&#8230; Chemin&#8230; Oser&#8230; Vie&#8230; Au d\u00e9part de [&hellip;]<\/p>\n","protected":false},"author":1,"featured_media":47786,"comment_status":"open","ping_status":"closed","template":"","meta":{"om_disable_all_campaigns":false,"jetpack_post_was_ever_published":false},"tags":[],"tribe_events_cat":[5327,5902,6476],"acf":[],"jetpack_sharing_enabled":true,"_links":{"self":[{"href":"https:\/\/www.ludwig-van.com\/montreal\/wp-json\/wp\/v2\/tribe_events\/47785"}],"collection":[{"href":"https:\/\/www.ludwig-van.com\/montreal\/wp-json\/wp\/v2\/tribe_events"}],"about":[{"href":"https:\/\/www.ludwig-van.com\/montreal\/wp-json\/wp\/v2\/types\/tribe_events"}],"author":[{"embeddable":true,"href":"https:\/\/www.ludwig-van.com\/montreal\/wp-json\/wp\/v2\/users\/1"}],"replies":[{"embeddable":true,"href":"https:\/\/www.ludwig-van.com\/montreal\/wp-json\/wp\/v2\/comments?post=47785"}],"version-history":[{"count":1,"href":"https:\/\/www.ludwig-van.com\/montreal\/wp-json\/wp\/v2\/tribe_events\/47785\/revisions"}],"predecessor-version":[{"id":47787,"href":"https:\/\/www.ludwig-van.com\/montreal\/wp-json\/wp\/v2\/tribe_events\/47785\/revisions\/47787"}],"wp:featuredmedia":[{"embeddable":true,"href":"https:\/\/www.ludwig-van.com\/montreal\/wp-json\/wp\/v2\/media\/47786"}],"wp:attachment":[{"href":"https:\/\/www.ludwig-van.com\/montreal\/wp-json\/wp\/v2\/media?parent=47785"}],"wp:term":[{"taxonomy":"post_tag","embeddable":true,"href":"https:\/\/www.ludwig-van.com\/montreal\/wp-json\/wp\/v2\/tags?post=47785"},{"taxonomy":"tribe_events_cat","embeddable":true,"href":"https:\/\/www.ludwig-van.com\/montreal\/wp-json\/wp\/v2\/tribe_events_cat?post=47785"}],"curies":[{"name":"wp","href":"https:\/\/api.w.org\/{rel}","templated":true}]}}