{"id":47777,"date":"2017-09-19T22:27:31","date_gmt":"2017-09-20T02:27:31","guid":{"rendered":"https:\/\/www.ludwig-van.com\/montreal\/?post_type=tribe_events&#038;p=47777"},"modified":"2017-09-19T22:27:31","modified_gmt":"2017-09-20T02:27:31","slug":"jeunesses-musicales-frontieres","status":"publish","type":"tribe_events","link":"https:\/\/www.ludwig-van.com\/montreal\/event\/jeunesses-musicales-frontieres\/","title":{"rendered":"Jeunesses Musicales | Sans fronti\u00e8res"},"content":{"rendered":"<p>\u00ab\u00a0La musique rassemble les peuples\u00a0\u00bb Ce concept de faire tomber\u00a0les fronti\u00e8res par la musique\u00a0est une id\u00e9e que partagent les membres de L&rsquo;Ensemble Ladom.\u00a0De la musique perse au folklore Balkan, en passant par de grands classiques adapt\u00e9s, <strong>ce concert transcende les fronti\u00e8res dans un multiculturalisme musical assum\u00e9<\/strong>. Venant des quatre coins du Canada, cette formation inusit\u00e9e &#8211; regroupant piano, violoncelle, accord\u00e9on et percussions &#8211; interpr\u00e8te \u00e0 sa fa\u00e7on arrangements et \u00a0compositions originales.\u00a0Fra\u00eechement \u00e9tonnant !<\/p>\n<p>S\u00e9rie Concerts ap\u00e9ro : ap\u00e9ro servi d\u00e8s 17h, Concert \u00e0 18h00<\/p>\n<div><strong>Ensemble\u00a0Ladom\u00a0<\/strong><\/div>\n<div><strong>Michael Bridge<\/strong>, accord\u00e9on<\/div>\n<div><strong>Adam Campbell<\/strong>, percussions<\/div>\n<div><strong>Pouya Hamidi<\/strong>, piano<\/div>\n<div><strong>Marie-Cristine Pelchat St-Jacques<\/strong>, violoncelle<\/div>\n","protected":false},"excerpt":{"rendered":"<p>\u00ab\u00a0La musique rassemble les peuples\u00a0\u00bb Ce concept de faire tomber\u00a0les fronti\u00e8res par la musique\u00a0est une id\u00e9e que partagent les membres de L&rsquo;Ensemble Ladom.\u00a0De la musique perse au folklore Balkan, en passant par de grands classiques adapt\u00e9s, ce concert transcende les fronti\u00e8res dans un multiculturalisme musical assum\u00e9. Venant des quatre coins du Canada, cette formation inusit\u00e9e [&hellip;]<\/p>\n","protected":false},"author":1,"featured_media":47778,"comment_status":"open","ping_status":"closed","template":"","meta":{"om_disable_all_campaigns":false,"jetpack_post_was_ever_published":false},"tags":[],"tribe_events_cat":[6109,5027,5024,5563],"acf":[],"jetpack_sharing_enabled":true,"_links":{"self":[{"href":"https:\/\/www.ludwig-van.com\/montreal\/wp-json\/wp\/v2\/tribe_events\/47777"}],"collection":[{"href":"https:\/\/www.ludwig-van.com\/montreal\/wp-json\/wp\/v2\/tribe_events"}],"about":[{"href":"https:\/\/www.ludwig-van.com\/montreal\/wp-json\/wp\/v2\/types\/tribe_events"}],"author":[{"embeddable":true,"href":"https:\/\/www.ludwig-van.com\/montreal\/wp-json\/wp\/v2\/users\/1"}],"replies":[{"embeddable":true,"href":"https:\/\/www.ludwig-van.com\/montreal\/wp-json\/wp\/v2\/comments?post=47777"}],"version-history":[{"count":2,"href":"https:\/\/www.ludwig-van.com\/montreal\/wp-json\/wp\/v2\/tribe_events\/47777\/revisions"}],"predecessor-version":[{"id":47780,"href":"https:\/\/www.ludwig-van.com\/montreal\/wp-json\/wp\/v2\/tribe_events\/47777\/revisions\/47780"}],"wp:featuredmedia":[{"embeddable":true,"href":"https:\/\/www.ludwig-van.com\/montreal\/wp-json\/wp\/v2\/media\/47778"}],"wp:attachment":[{"href":"https:\/\/www.ludwig-van.com\/montreal\/wp-json\/wp\/v2\/media?parent=47777"}],"wp:term":[{"taxonomy":"post_tag","embeddable":true,"href":"https:\/\/www.ludwig-van.com\/montreal\/wp-json\/wp\/v2\/tags?post=47777"},{"taxonomy":"tribe_events_cat","embeddable":true,"href":"https:\/\/www.ludwig-van.com\/montreal\/wp-json\/wp\/v2\/tribe_events_cat?post=47777"}],"curies":[{"name":"wp","href":"https:\/\/api.w.org\/{rel}","templated":true}]}}