{"id":47749,"date":"2017-09-19T18:53:58","date_gmt":"2017-09-19T22:53:58","guid":{"rendered":"https:\/\/www.ludwig-van.com\/montreal\/?post_type=tribe_events&#038;p=47749"},"modified":"2017-09-26T20:52:07","modified_gmt":"2017-09-27T00:52:07","slug":"cioc-concert-gala-concours-international-dorgue-canada-2017","status":"publish","type":"tribe_events","link":"https:\/\/www.ludwig-van.com\/montreal\/event\/cioc-concert-gala-concours-international-dorgue-canada-2017\/","title":{"rendered":"CIOC et l&rsquo;OSM | Concert gala : Concours international d\u2019orgue du Canada 2017"},"content":{"rendered":"<p><strong>Venez c\u00e9l\u00e9brer les laur\u00e9ats du concours international d\u2019orgue du Canada 2017 !<\/strong><\/p>\n<p>Tous les trois ans, le CIOC invite vingt virtuoses de l\u2019orgue \u00e0 se produire \u00e0 Montr\u00e9al devant un jury de neuf organistes internationalement reconnus.<\/p>\n<p>En seulement quelques ann\u00e9es, le CIOC est devenu l\u2019un des plus grands concours au monde, et utilise ce profil pour promouvoir l\u2019orgue comment instrument majeur dans la culture musicale de notre pays.<\/p>\n<p>Il ne faut absolument pas manquer un \u00e9v\u00e9nement musical sp\u00e9cial\u00a0: les gagnants du CIOC pr\u00e9senteront un <strong>concert de gala<\/strong> \u00e0 la prestigieuse Maison symphonique de Montr\u00e9al accompagn\u00e9s du <strong>Grand Orgue Pierre-B\u00e9ique<\/strong> de l\u2019Orchestre symphonique de Montr\u00e9al.<\/p>\n","protected":false},"excerpt":{"rendered":"<p>Venez c\u00e9l\u00e9brer les laur\u00e9ats du concours international d\u2019orgue du Canada 2017 ! Tous les trois ans, le CIOC invite vingt virtuoses de l\u2019orgue \u00e0 se produire \u00e0 Montr\u00e9al devant un jury de neuf organistes internationalement reconnus. En seulement quelques ann\u00e9es, le CIOC est devenu l\u2019un des plus grands concours au monde, et utilise ce profil [&hellip;]<\/p>\n","protected":false},"author":1,"featured_media":48071,"comment_status":"open","ping_status":"closed","template":"","meta":{"om_disable_all_campaigns":false,"jetpack_post_was_ever_published":false},"tags":[],"tribe_events_cat":[5562],"acf":[],"jetpack_sharing_enabled":true,"_links":{"self":[{"href":"https:\/\/www.ludwig-van.com\/montreal\/wp-json\/wp\/v2\/tribe_events\/47749"}],"collection":[{"href":"https:\/\/www.ludwig-van.com\/montreal\/wp-json\/wp\/v2\/tribe_events"}],"about":[{"href":"https:\/\/www.ludwig-van.com\/montreal\/wp-json\/wp\/v2\/types\/tribe_events"}],"author":[{"embeddable":true,"href":"https:\/\/www.ludwig-van.com\/montreal\/wp-json\/wp\/v2\/users\/1"}],"replies":[{"embeddable":true,"href":"https:\/\/www.ludwig-van.com\/montreal\/wp-json\/wp\/v2\/comments?post=47749"}],"version-history":[{"count":3,"href":"https:\/\/www.ludwig-van.com\/montreal\/wp-json\/wp\/v2\/tribe_events\/47749\/revisions"}],"predecessor-version":[{"id":48073,"href":"https:\/\/www.ludwig-van.com\/montreal\/wp-json\/wp\/v2\/tribe_events\/47749\/revisions\/48073"}],"wp:featuredmedia":[{"embeddable":true,"href":"https:\/\/www.ludwig-van.com\/montreal\/wp-json\/wp\/v2\/media\/48071"}],"wp:attachment":[{"href":"https:\/\/www.ludwig-van.com\/montreal\/wp-json\/wp\/v2\/media?parent=47749"}],"wp:term":[{"taxonomy":"post_tag","embeddable":true,"href":"https:\/\/www.ludwig-van.com\/montreal\/wp-json\/wp\/v2\/tags?post=47749"},{"taxonomy":"tribe_events_cat","embeddable":true,"href":"https:\/\/www.ludwig-van.com\/montreal\/wp-json\/wp\/v2\/tribe_events_cat?post=47749"}],"curies":[{"name":"wp","href":"https:\/\/api.w.org\/{rel}","templated":true}]}}