{"id":47741,"date":"2017-09-19T18:38:15","date_gmt":"2017-09-19T22:38:15","guid":{"rendered":"https:\/\/www.ludwig-van.com\/montreal\/?post_type=tribe_events&#038;p=47741"},"modified":"2017-09-19T18:38:15","modified_gmt":"2017-09-19T22:38:15","slug":"ecole-de-musique-schulich-5-a-7-musical","status":"publish","type":"tribe_events","link":"https:\/\/www.ludwig-van.com\/montreal\/event\/ecole-de-musique-schulich-5-a-7-musical\/","title":{"rendered":"\u00c9cole de musique Schulich | 5 \u00e0 7 musical"},"content":{"rendered":"<p>D\u00e9compressez apr\u00e8s le boulot au son de la musique dans cette s\u00e9rie gratuite au hall d\u2019entr\u00e9e du Pavillon de musique Elizabeth Wirth et mettant en vedette des interpr\u00e8tes parmi les meilleurs de l&rsquo;\u00c9cole de musique Schulich. Venez prendre un verre avec nous au bar payant \u00e0 17 h 30, et restez pour la prestation de 18 h.<\/p>\n<p>Mettant en vedette des ensembles de musique ancienne<\/p>\n<p>Lena Weman et Hank Knox, coordonnateurs<\/p>\n","protected":false},"excerpt":{"rendered":"<p>D\u00e9compressez apr\u00e8s le boulot au son de la musique dans cette s\u00e9rie gratuite au hall d\u2019entr\u00e9e du Pavillon de musique Elizabeth Wirth et mettant en vedette des interpr\u00e8tes parmi les meilleurs de l&rsquo;\u00c9cole de musique Schulich. Venez prendre un verre avec nous au bar payant \u00e0 17 h 30, et restez pour la prestation de [&hellip;]<\/p>\n","protected":false},"author":1,"featured_media":47742,"comment_status":"open","ping_status":"closed","template":"","meta":{"om_disable_all_campaigns":false,"jetpack_post_was_ever_published":false},"tags":[],"tribe_events_cat":[5053],"acf":[],"jetpack_sharing_enabled":true,"_links":{"self":[{"href":"https:\/\/www.ludwig-van.com\/montreal\/wp-json\/wp\/v2\/tribe_events\/47741"}],"collection":[{"href":"https:\/\/www.ludwig-van.com\/montreal\/wp-json\/wp\/v2\/tribe_events"}],"about":[{"href":"https:\/\/www.ludwig-van.com\/montreal\/wp-json\/wp\/v2\/types\/tribe_events"}],"author":[{"embeddable":true,"href":"https:\/\/www.ludwig-van.com\/montreal\/wp-json\/wp\/v2\/users\/1"}],"replies":[{"embeddable":true,"href":"https:\/\/www.ludwig-van.com\/montreal\/wp-json\/wp\/v2\/comments?post=47741"}],"version-history":[{"count":1,"href":"https:\/\/www.ludwig-van.com\/montreal\/wp-json\/wp\/v2\/tribe_events\/47741\/revisions"}],"predecessor-version":[{"id":47743,"href":"https:\/\/www.ludwig-van.com\/montreal\/wp-json\/wp\/v2\/tribe_events\/47741\/revisions\/47743"}],"wp:featuredmedia":[{"embeddable":true,"href":"https:\/\/www.ludwig-van.com\/montreal\/wp-json\/wp\/v2\/media\/47742"}],"wp:attachment":[{"href":"https:\/\/www.ludwig-van.com\/montreal\/wp-json\/wp\/v2\/media?parent=47741"}],"wp:term":[{"taxonomy":"post_tag","embeddable":true,"href":"https:\/\/www.ludwig-van.com\/montreal\/wp-json\/wp\/v2\/tags?post=47741"},{"taxonomy":"tribe_events_cat","embeddable":true,"href":"https:\/\/www.ludwig-van.com\/montreal\/wp-json\/wp\/v2\/tribe_events_cat?post=47741"}],"curies":[{"name":"wp","href":"https:\/\/api.w.org\/{rel}","templated":true}]}}