{"id":47735,"date":"2017-09-19T18:22:05","date_gmt":"2017-09-19T22:22:05","guid":{"rendered":"https:\/\/www.ludwig-van.com\/montreal\/?post_type=tribe_events&#038;p=47735"},"modified":"2017-09-19T18:47:22","modified_gmt":"2017-09-19T22:47:22","slug":"chapelle-historique-pasteur-sacra-profana","status":"publish","type":"tribe_events","link":"https:\/\/www.ludwig-van.com\/montreal\/event\/chapelle-historique-pasteur-sacra-profana\/","title":{"rendered":"Chapelle Historique du Bon-Pasteur | Sacra et Profana"},"content":{"rendered":"<p>L\u2019univers musical de Claudio Monteverdi<\/p>\n<p>L\u2019Ensemble vocal Cappella Antica<br \/>\nJean-S\u00e9bastien Vall\u00e9e, directeur artistique<\/p>\n<p>Constitu\u00e9 d\u2019une douzaine d\u2019\u00e9tudiants en chant de l\u2019\u00c9cole de musique Schulich, l\u2019Ensemble vocal Cappella Antica se sp\u00e9cialise en r\u00e9pertoire de la Renaissance et de l\u2019\u00e9poque baroque.<\/p>\n<p>Billets disponible le 21 septembre.<\/p>\n","protected":false},"excerpt":{"rendered":"<p>L\u2019univers musical de Claudio Monteverdi L\u2019Ensemble vocal Cappella Antica Jean-S\u00e9bastien Vall\u00e9e, directeur artistique Constitu\u00e9 d\u2019une douzaine d\u2019\u00e9tudiants en chant de l\u2019\u00c9cole de musique Schulich, l\u2019Ensemble vocal Cappella Antica se sp\u00e9cialise en r\u00e9pertoire de la Renaissance et de l\u2019\u00e9poque baroque. Billets disponible le 21 septembre.<\/p>\n","protected":false},"author":1,"featured_media":47736,"comment_status":"open","ping_status":"closed","template":"","meta":{"om_disable_all_campaigns":false,"jetpack_post_was_ever_published":false},"tags":[],"tribe_events_cat":[5053,5050],"acf":[],"jetpack_sharing_enabled":true,"_links":{"self":[{"href":"https:\/\/www.ludwig-van.com\/montreal\/wp-json\/wp\/v2\/tribe_events\/47735"}],"collection":[{"href":"https:\/\/www.ludwig-van.com\/montreal\/wp-json\/wp\/v2\/tribe_events"}],"about":[{"href":"https:\/\/www.ludwig-van.com\/montreal\/wp-json\/wp\/v2\/types\/tribe_events"}],"author":[{"embeddable":true,"href":"https:\/\/www.ludwig-van.com\/montreal\/wp-json\/wp\/v2\/users\/1"}],"replies":[{"embeddable":true,"href":"https:\/\/www.ludwig-van.com\/montreal\/wp-json\/wp\/v2\/comments?post=47735"}],"version-history":[{"count":2,"href":"https:\/\/www.ludwig-van.com\/montreal\/wp-json\/wp\/v2\/tribe_events\/47735\/revisions"}],"predecessor-version":[{"id":47748,"href":"https:\/\/www.ludwig-van.com\/montreal\/wp-json\/wp\/v2\/tribe_events\/47735\/revisions\/47748"}],"wp:featuredmedia":[{"embeddable":true,"href":"https:\/\/www.ludwig-van.com\/montreal\/wp-json\/wp\/v2\/media\/47736"}],"wp:attachment":[{"href":"https:\/\/www.ludwig-van.com\/montreal\/wp-json\/wp\/v2\/media?parent=47735"}],"wp:term":[{"taxonomy":"post_tag","embeddable":true,"href":"https:\/\/www.ludwig-van.com\/montreal\/wp-json\/wp\/v2\/tags?post=47735"},{"taxonomy":"tribe_events_cat","embeddable":true,"href":"https:\/\/www.ludwig-van.com\/montreal\/wp-json\/wp\/v2\/tribe_events_cat?post=47735"}],"curies":[{"name":"wp","href":"https:\/\/api.w.org\/{rel}","templated":true}]}}