{"id":47732,"date":"2017-09-19T18:15:23","date_gmt":"2017-09-19T22:15:23","guid":{"rendered":"https:\/\/www.ludwig-van.com\/montreal\/?post_type=tribe_events&#038;p=47732"},"modified":"2017-09-19T18:15:23","modified_gmt":"2017-09-19T22:15:23","slug":"fondation-arte-musica-o-celli-cinema","status":"publish","type":"tribe_events","link":"https:\/\/www.ludwig-van.com\/montreal\/event\/fondation-arte-musica-o-celli-cinema\/","title":{"rendered":"Fondation Arte Musica | \u00d4-Celli fait son cin\u00e9ma"},"content":{"rendered":"<p><strong>Quand le 4e art rencontre le 7e art<\/strong><\/p>\n<p>Certaines musiques de film sont si embl\u00e9matiques que quelques notes suffisent \u00e0 \u00e9voquer les images auxquelles elles se rattachent. Les huit violoncellistes de l\u2019ensemble belge \u00d4-Celli pr\u00e9sentent en concert une s\u00e9lection de musiques qui ont marqu\u00e9 l\u2019histoire du cin\u00e9ma, de <strong>Nino ROTA\u00a0<\/strong>\u00e0 <strong>John WILLIAMS<\/strong>, en passant\u00a0 par <strong>John BARRY <\/strong>et <strong>Henry<\/strong> <strong>MANCINI<\/strong>.<\/p>\n<p>ARTISTES<br \/>\n<strong style=\"line-height: inherit;\">\u00d4-CELLI, octuor de violoncelles<\/strong><\/p>\n<p>PROGRAMME<strong><br \/>\n<\/strong>Musiques de\u00a0<strong>Nino ROTA<\/strong>,\u00a0<strong>John WILLIAMS<\/strong>,\u00a0<strong>John BARRY\u00a0<\/strong>et\u00a0<strong>Henry<\/strong>\u00a0<strong>MANCINI<\/strong><\/p>\n","protected":false},"excerpt":{"rendered":"<p>Quand le 4e art rencontre le 7e art Certaines musiques de film sont si embl\u00e9matiques que quelques notes suffisent \u00e0 \u00e9voquer les images auxquelles elles se rattachent. Les huit violoncellistes de l\u2019ensemble belge \u00d4-Celli pr\u00e9sentent en concert une s\u00e9lection de musiques qui ont marqu\u00e9 l\u2019histoire du cin\u00e9ma, de Nino ROTA\u00a0\u00e0 John WILLIAMS, en passant\u00a0 par [&hellip;]<\/p>\n","protected":false},"author":1,"featured_media":47733,"comment_status":"open","ping_status":"closed","template":"","meta":{"om_disable_all_campaigns":false,"jetpack_post_was_ever_published":false},"tags":[],"tribe_events_cat":[6109],"acf":[],"jetpack_sharing_enabled":true,"_links":{"self":[{"href":"https:\/\/www.ludwig-van.com\/montreal\/wp-json\/wp\/v2\/tribe_events\/47732"}],"collection":[{"href":"https:\/\/www.ludwig-van.com\/montreal\/wp-json\/wp\/v2\/tribe_events"}],"about":[{"href":"https:\/\/www.ludwig-van.com\/montreal\/wp-json\/wp\/v2\/types\/tribe_events"}],"author":[{"embeddable":true,"href":"https:\/\/www.ludwig-van.com\/montreal\/wp-json\/wp\/v2\/users\/1"}],"replies":[{"embeddable":true,"href":"https:\/\/www.ludwig-van.com\/montreal\/wp-json\/wp\/v2\/comments?post=47732"}],"version-history":[{"count":1,"href":"https:\/\/www.ludwig-van.com\/montreal\/wp-json\/wp\/v2\/tribe_events\/47732\/revisions"}],"predecessor-version":[{"id":47734,"href":"https:\/\/www.ludwig-van.com\/montreal\/wp-json\/wp\/v2\/tribe_events\/47732\/revisions\/47734"}],"wp:featuredmedia":[{"embeddable":true,"href":"https:\/\/www.ludwig-van.com\/montreal\/wp-json\/wp\/v2\/media\/47733"}],"wp:attachment":[{"href":"https:\/\/www.ludwig-van.com\/montreal\/wp-json\/wp\/v2\/media?parent=47732"}],"wp:term":[{"taxonomy":"post_tag","embeddable":true,"href":"https:\/\/www.ludwig-van.com\/montreal\/wp-json\/wp\/v2\/tags?post=47732"},{"taxonomy":"tribe_events_cat","embeddable":true,"href":"https:\/\/www.ludwig-van.com\/montreal\/wp-json\/wp\/v2\/tribe_events_cat?post=47732"}],"curies":[{"name":"wp","href":"https:\/\/api.w.org\/{rel}","templated":true}]}}