{"id":47575,"date":"2017-09-19T00:08:06","date_gmt":"2017-09-19T04:08:06","guid":{"rendered":"https:\/\/www.ludwig-van.com\/montreal\/?post_type=tribe_events&#038;p=47575"},"modified":"2017-09-19T00:08:06","modified_gmt":"2017-09-19T04:08:06","slug":"ecole-de-musique-schulich-concertos-italiens-concertos-grossos-18e-siecle","status":"publish","type":"tribe_events","link":"https:\/\/www.ludwig-van.com\/montreal\/event\/ecole-de-musique-schulich-concertos-italiens-concertos-grossos-18e-siecle\/","title":{"rendered":"\u00c9cole de musique Schulich | Concertos italiens et concertos grossos du 18e si\u00e8cle"},"content":{"rendered":"<p>Concertos italiens et concertos grossos du 18e si\u00e8cle<br \/>\n\u0152uvres de Arcangelo Corelli, Pietro Locatelli, Antonio Vivaldi<\/p>\n<p>Orchestre baroque de McGill<br \/>\n<strong>Hank Knox<\/strong>, artistic director<\/p>\n<p>Concert pr\u00e9sent\u00e9 dans le cadre des Retrouvailles de McGill<\/p>\n","protected":false},"excerpt":{"rendered":"<p>Concertos italiens et concertos grossos du 18e si\u00e8cle \u0152uvres de Arcangelo Corelli, Pietro Locatelli, Antonio Vivaldi Orchestre baroque de McGill Hank Knox, artistic director Concert pr\u00e9sent\u00e9 dans le cadre des Retrouvailles de McGill<\/p>\n","protected":false},"author":1,"featured_media":47576,"comment_status":"open","ping_status":"closed","template":"","meta":{"om_disable_all_campaigns":false,"jetpack_post_was_ever_published":false},"tags":[],"tribe_events_cat":[5053],"acf":[],"jetpack_sharing_enabled":true,"_links":{"self":[{"href":"https:\/\/www.ludwig-van.com\/montreal\/wp-json\/wp\/v2\/tribe_events\/47575"}],"collection":[{"href":"https:\/\/www.ludwig-van.com\/montreal\/wp-json\/wp\/v2\/tribe_events"}],"about":[{"href":"https:\/\/www.ludwig-van.com\/montreal\/wp-json\/wp\/v2\/types\/tribe_events"}],"author":[{"embeddable":true,"href":"https:\/\/www.ludwig-van.com\/montreal\/wp-json\/wp\/v2\/users\/1"}],"replies":[{"embeddable":true,"href":"https:\/\/www.ludwig-van.com\/montreal\/wp-json\/wp\/v2\/comments?post=47575"}],"version-history":[{"count":1,"href":"https:\/\/www.ludwig-van.com\/montreal\/wp-json\/wp\/v2\/tribe_events\/47575\/revisions"}],"predecessor-version":[{"id":47577,"href":"https:\/\/www.ludwig-van.com\/montreal\/wp-json\/wp\/v2\/tribe_events\/47575\/revisions\/47577"}],"wp:featuredmedia":[{"embeddable":true,"href":"https:\/\/www.ludwig-van.com\/montreal\/wp-json\/wp\/v2\/media\/47576"}],"wp:attachment":[{"href":"https:\/\/www.ludwig-van.com\/montreal\/wp-json\/wp\/v2\/media?parent=47575"}],"wp:term":[{"taxonomy":"post_tag","embeddable":true,"href":"https:\/\/www.ludwig-van.com\/montreal\/wp-json\/wp\/v2\/tags?post=47575"},{"taxonomy":"tribe_events_cat","embeddable":true,"href":"https:\/\/www.ludwig-van.com\/montreal\/wp-json\/wp\/v2\/tribe_events_cat?post=47575"}],"curies":[{"name":"wp","href":"https:\/\/api.w.org\/{rel}","templated":true}]}}