{"id":46966,"date":"2017-09-11T21:59:49","date_gmt":"2017-09-12T01:59:49","guid":{"rendered":"https:\/\/www.ludwig-van.com\/montreal\/?post_type=tribe_events&#038;p=46966"},"modified":"2017-09-11T21:59:49","modified_gmt":"2017-09-12T01:59:49","slug":"fondation-arte-musica-viva-espana","status":"publish","type":"tribe_events","link":"https:\/\/www.ludwig-van.com\/montreal\/event\/fondation-arte-musica-viva-espana\/","title":{"rendered":"Fondation Arte Musica | Viva Espa\u00f1a!"},"content":{"rendered":"<p class=\"Texte\">Louise Bessette c\u00e9l\u00e8bre la f\u00eate nationale de l\u2019Espagne par un programme inspir\u00e9 de la p\u00e9ninsule ib\u00e9rique, v\u00e9ritable voyage\u00a0au pays de Cervantes. Au c\u0153ur de ce concert, l\u2019int\u00e9grale des \u0153uvres pour piano de Jos\u00e9 Evangelista revisite des m\u00e9lodies traditionnelles espagnoles sur les th\u00e8mes de l\u2019amour et de la danse.<\/p>\n<p class=\"collaboration\" lang=\"en-US\"><em>Ce concert s\u2019inscrit dans la s\u00e9rie Hommage \u00e0 Jos\u00e9 Evangelista pr\u00e9sent\u00e9e par la Soci\u00e9t\u00e9 de musique contemporaine du Qu\u00e9bec<\/em><\/p>\n<p lang=\"en-US\"><strong>LOUISE BESSETTE<\/strong>, piano<\/p>\n<p><strong><em>Viva Espa\u00f1a!<\/em><\/strong><\/p>\n<p><strong>Jos\u00e9 EVANGELISTA<br \/>\n<\/strong><em>Monod\u00edas espa\u00f1olas<br \/>\n<\/em><em>Nuevas monod\u00edas espa\u00f1olas<br \/>\nBis<\/em><\/p>\n<p><strong>Federico MOMPOU <\/strong><em>La fuente y la campana, <\/em>tir\u00e9e de <em>Paisajes<\/em><\/p>\n<p><strong>Enrique GRANADOS <\/strong><em>Quejas \u00f3 la maja y el ruise\u00f1or<\/em>, op. 11 no 4, tir\u00e9e des <em>Goyescas<\/em><\/p>\n<p><strong>Ernesto LECUONA <\/strong><em>Andaluc\u00eda (Suite Espa\u00f1ola)<\/em><\/p>\n","protected":false},"excerpt":{"rendered":"<p>Louise Bessette c\u00e9l\u00e8bre la f\u00eate nationale de l\u2019Espagne par un programme inspir\u00e9 de la p\u00e9ninsule ib\u00e9rique, v\u00e9ritable voyage\u00a0au pays de Cervantes. Au c\u0153ur de ce concert, l\u2019int\u00e9grale des \u0153uvres pour piano de Jos\u00e9 Evangelista revisite des m\u00e9lodies traditionnelles espagnoles sur les th\u00e8mes de l\u2019amour et de la danse. Ce concert s\u2019inscrit dans la s\u00e9rie Hommage [&hellip;]<\/p>\n","protected":false},"author":1,"featured_media":46967,"comment_status":"open","ping_status":"closed","template":"","meta":{"om_disable_all_campaigns":false,"jetpack_post_was_ever_published":false},"tags":[],"tribe_events_cat":[5024],"acf":[],"jetpack_sharing_enabled":true,"_links":{"self":[{"href":"https:\/\/www.ludwig-van.com\/montreal\/wp-json\/wp\/v2\/tribe_events\/46966"}],"collection":[{"href":"https:\/\/www.ludwig-van.com\/montreal\/wp-json\/wp\/v2\/tribe_events"}],"about":[{"href":"https:\/\/www.ludwig-van.com\/montreal\/wp-json\/wp\/v2\/types\/tribe_events"}],"author":[{"embeddable":true,"href":"https:\/\/www.ludwig-van.com\/montreal\/wp-json\/wp\/v2\/users\/1"}],"replies":[{"embeddable":true,"href":"https:\/\/www.ludwig-van.com\/montreal\/wp-json\/wp\/v2\/comments?post=46966"}],"version-history":[{"count":1,"href":"https:\/\/www.ludwig-van.com\/montreal\/wp-json\/wp\/v2\/tribe_events\/46966\/revisions"}],"predecessor-version":[{"id":46968,"href":"https:\/\/www.ludwig-van.com\/montreal\/wp-json\/wp\/v2\/tribe_events\/46966\/revisions\/46968"}],"wp:featuredmedia":[{"embeddable":true,"href":"https:\/\/www.ludwig-van.com\/montreal\/wp-json\/wp\/v2\/media\/46967"}],"wp:attachment":[{"href":"https:\/\/www.ludwig-van.com\/montreal\/wp-json\/wp\/v2\/media?parent=46966"}],"wp:term":[{"taxonomy":"post_tag","embeddable":true,"href":"https:\/\/www.ludwig-van.com\/montreal\/wp-json\/wp\/v2\/tags?post=46966"},{"taxonomy":"tribe_events_cat","embeddable":true,"href":"https:\/\/www.ludwig-van.com\/montreal\/wp-json\/wp\/v2\/tribe_events_cat?post=46966"}],"curies":[{"name":"wp","href":"https:\/\/api.w.org\/{rel}","templated":true}]}}